{"id":3,"date":"2025-05-05T07:55:15","date_gmt":"2025-05-05T07:55:15","guid":{"rendered":"http:\/\/40zero.es\/?page_id=3"},"modified":"2025-06-23T07:44:25","modified_gmt":"2025-06-23T07:44:25","slug":"politique-de-confidentialite","status":"publish","type":"page","link":"https:\/\/40zero.es\/fr\/politique-de-confidentialite\/","title":{"rendered":"politique de confidentialit\u00e9"},"content":{"rendered":"<p>Cette politique de confidentialit\u00e9, ainsi que les r\u00e8gles de participation et les mentions l\u00e9gales, constituent le cadre juridique qui r\u00e9git l&#039;utilisation du site Web. <strong>WWW.40ZERO.ES<\/strong>La pr\u00e9sente Politique de confidentialit\u00e9 r\u00e9git sp\u00e9cifiquement l&#039;utilisation et le traitement de vos donn\u00e9es personnelles par LA SOCI\u00c9T\u00c9 en tant qu&#039;utilisateur du Site Web. En acc\u00e9dant \u00e0 ce site Web, vous devenez un utilisateur de ce site Web (ci-apr\u00e8s, l&#039;\u00ab\u00a0Utilisateur\u00a0\u00bb).<\/p>\n\n\n\n<p><strong>Ce site Web appartient \u00e0 :<\/strong><\/p>\n\n\n\n<p>PABLO F\u00c9LIX GIACCIO LINDEMANN, dont le si\u00e8ge social est situ\u00e9 MAESTRO JUAN DE DIOS PARDO, 34, C ALBATERA, 3340, ALICANTE et CIF : X4667612S, ci-apr\u00e8s la SOCI\u00c9T\u00c9.<\/p>\n\n\n\n<p>La pr\u00e9sente Politique de confidentialit\u00e9 est disponible en catalan sur le site web. Vous pouvez donc la consulter, l&#039;archiver ou l&#039;imprimer \u00e0 tout moment. Elle est susceptible d&#039;\u00eatre modifi\u00e9e en fonction des modifications apport\u00e9es au site web, de l&#039;\u00e9volution l\u00e9gislative ou jurisprudentielle, de nouveaux crit\u00e8res de l&#039;Agence espagnole de protection des donn\u00e9es ou de nouvelles r\u00e9glementations europ\u00e9ennes nous obligeant \u00e0 apporter des modifications. Par cons\u00e9quent, la SOCI\u00c9T\u00c9 se r\u00e9serve le droit de modifier la pr\u00e9sente Politique de confidentialit\u00e9 et vous recommande de la lire attentivement lors de votre acc\u00e8s au site web.<\/p>\n\n\n\n<p><strong>Confidentialit\u00e9<\/strong><strong><br><\/strong>La SOCI\u00c9T\u00c9 s&#039;engage \u00e0 respecter son obligation de confidentialit\u00e9 des donn\u00e9es personnelles et \u00e0 les conserver confidentiellement. Elle adopte les mesures n\u00e9cessaires pour emp\u00eacher leur alt\u00e9ration, leur perte, leur traitement ou leur acc\u00e8s non autoris\u00e9, en tenant compte de l&#039;\u00e9tat actuel de la technologie.<\/p>\n\n\n\n<p><strong>S\u00e9curit\u00e9 des donn\u00e9es<\/strong><strong><br><\/strong>L&#039;ENTREPRISE garantit l&#039;adoption de mesures appropri\u00e9es pour garantir la confidentialit\u00e9 de ces donn\u00e9es. \u00c0 cet effet, elle a mis en \u0153uvre toutes les mesures de s\u00e9curit\u00e9 techniques et organisationnelles n\u00e9cessaires pour garantir l&#039;int\u00e9grit\u00e9, la confidentialit\u00e9 et la disponibilit\u00e9 des donn\u00e9es personnelles fournies par l&#039;utilisateur, notamment celles pr\u00e9vues par le RGPD (R\u00e8glement g\u00e9n\u00e9ral sur la protection des donn\u00e9es \u2013 UE 2016\/679, du 27 avril), qui a \u00e9largi le champ d&#039;application de la loi organique 15\/1999, du 13 d\u00e9cembre, relative \u00e0 la protection des donn\u00e9es \u00e0 caract\u00e8re personnel (LOPD) et de son r\u00e8glement d&#039;application RD 1720\/2007.<\/p>\n\n\n\n<p><strong>Protection des donn\u00e9es personnelles<\/strong><strong><br><\/strong>Les donn\u00e9es personnelles fournies volontairement seront trait\u00e9es de mani\u00e8re confidentielle, conform\u00e9ment \u00e0 la protection et aux sp\u00e9cifications pr\u00e9vues par la r\u00e9glementation en vigueur, et seront collect\u00e9es dans un fichier d\u00fbment enregistr\u00e9 aupr\u00e8s de l&#039;Agence de protection des donn\u00e9es, dont la SOCI\u00c9T\u00c9 est responsable. Ce fichier a pour finalit\u00e9 la gestion des utilisateurs et des abonn\u00e9s, ainsi que la vente en ligne de produits et la r\u00e9solution des demandes.<\/p>\n\n\n\n<p>Le consentement de l&#039;abonn\u00e9 constitue la base juridique du traitement des donn\u00e9es. Nous traitons les donn\u00e9es personnelles des abonn\u00e9s \u00e0 la newsletter uniquement pour leur envoi. Nous traitons les donn\u00e9es personnelles des utilisateurs inscrits et des abonn\u00e9s payants uniquement pour g\u00e9rer leur relation avec LA SOCI\u00c9T\u00c9, percevoir des frais (le cas \u00e9ch\u00e9ant), organiser des activit\u00e9s et des campagnes, et leur envoyer des communications informatives et commerciales (y compris par voie \u00e9lectronique).<\/p>\n\n\n\n<p>Les donn\u00e9es personnelles ne seront pas c\u00e9d\u00e9es \u00e0 des tiers (sauf obligation l\u00e9gale) et seront conserv\u00e9es pendant une dur\u00e9e de six (6) ans conform\u00e9ment \u00e0 la r\u00e9glementation comptable en vigueur et, le cas \u00e9ch\u00e9ant, pendant dix (10) ans conform\u00e9ment \u00e0 la r\u00e9glementation anti-blanchiment.<\/p>\n\n\n\n<p>Les utilisateurs peuvent acc\u00e9der \u00e0 leurs donn\u00e9es personnelles et demander la rectification des donn\u00e9es inexactes ou, le cas \u00e9ch\u00e9ant, leur annulation ou leur suppression lorsque les donn\u00e9es ne sont plus n\u00e9cessaires aux finalit\u00e9s pour lesquelles elles ont \u00e9t\u00e9 collect\u00e9es. Ils peuvent \u00e9galement demander la limitation, la portabilit\u00e9 et s&#039;opposer au traitement de leurs donn\u00e9es, dans certaines circonstances et pour des raisons li\u00e9es \u00e0 leur situation particuli\u00e8re.<\/p>\n\n\n\n<p>Vous pouvez r\u00e9voquer votre consentement \u00e0 l&#039;envoi de communications commerciales et exercer les droits mentionn\u00e9s ci-dessus en envoyant un courrier \u00e9lectronique \u00e0 <strong>info@40zero.es<\/strong> ou en adressant un courrier par courrier ordinaire au responsable du fichier situ\u00e9 au si\u00e8ge social de LA SOCI\u00c9T\u00c9, dans les deux cas avec la r\u00e9f\u00e9rence : \u00ab Protection des donn\u00e9es \u00bb, au moyen d&#039;un document sign\u00e9 et en joignant une copie de votre pi\u00e8ce d&#039;identit\u00e9.<\/p>\n\n\n\n<p><strong>Informations sur les cookies<\/strong><strong><br><\/strong>Le site Web utilise des cookies pour faciliter la navigation des utilisateurs et rendre la navigation plus confortable.<\/p>\n\n\n\n<p>Un cookie est une information envoy\u00e9e par un serveur web \u00e0 un navigateur, que ce dernier peut renvoyer lors de visites ult\u00e9rieures sur ce serveur. Les cookies sont associ\u00e9s \u00e0 l&#039;utilisateur anonyme et \u00e0 son ordinateur et ne fournissent pas, \u00e0 eux seuls, son nom ou son pr\u00e9nom.<\/p>\n\n\n\n<p>Ce site web utilise les cookies Google pour afficher des publicit\u00e9s bas\u00e9es sur les visites pr\u00e9c\u00e9dentes sur le site ou sur d&#039;autres sites web diffusant \u00e9galement des publicit\u00e9s Google. Les utilisateurs peuvent d\u00e9sactiver le suivi par les cookies publicitaires en consultant\u00a0:<a href=\"https:\/\/www.google.com\/settings\/ads\" target=\"_blank\" rel=\"noopener\"> https:\/\/www.google.com\/settings\/ads<\/a><\/p>\n\n\n\n<p><strong>Type de cookies<\/strong><strong><br><\/strong>Cookies d&#039;enregistrement : Pour identifier l&#039;utilisateur connect\u00e9.<br>Cookies publicitaires : Pour pouvoir proposer des contenus publicitaires li\u00e9s aux int\u00e9r\u00eats de l&#039;utilisateur, soit directement, soit par l&#039;interm\u00e9diaire de tiers appel\u00e9s Adservers<br>Cookies analytiques : Pour obtenir des informations li\u00e9es \u00e0 la mesure d&#039;audience.<br>Cookies de g\u00e9olocalisation : Ceux-ci fournissent des informations sur la localisation g\u00e9ographique de l&#039;utilisateur.<br>Les utilisateurs peuvent configurer leur navigateur pour \u00eatre inform\u00e9s de la r\u00e9ception de cookies et, s&#039;ils le souhaitent, emp\u00eacher leur installation sur leur disque dur. Cependant, l&#039;installation de cookies n&#039;est pas obligatoire pour acc\u00e9der au site web.<\/p>\n\n\n\n<p>Selon le type de navigateur utilis\u00e9, l&#039;utilisateur peut d\u00e9sactiver l&#039;utilisation des cookies dans :<\/p>\n\n\n\n<p>Chrome\u00a0: Param\u00e8tres &gt; Param\u00e8tres avanc\u00e9s &gt; Confidentialit\u00e9 et s\u00e9curit\u00e9 &gt; Param\u00e8tres de contenu<br>Firefox\u00a0: Options &gt; Confidentialit\u00e9 et s\u00e9curit\u00e9<br>Edge\u00a0: Param\u00e8tres &gt; Param\u00e8tres avanc\u00e9s &gt; Confidentialit\u00e9 et services<br>Safari\u00a0: Pr\u00e9f\u00e9rences &gt; Confidentialit\u00e9<\/p>\n\n\n\n<p><strong>LSSICE<\/strong><strong><br><\/strong>Nous vous informons \u00e9galement que nous n&#039;utilisons pas ces donn\u00e9es pour envoyer des communications commerciales par courrier \u00e9lectronique qui ne sont pas demand\u00e9es ou express\u00e9ment autoris\u00e9es par l&#039;int\u00e9ress\u00e9, comme le stipule la LSSICE.<\/p>\n\n\n\n<p><strong>Communications<\/strong><strong><br><\/strong>Pour l&#039;envoi de toute notification relative au pr\u00e9sent contrat, la SOCI\u00c9T\u00c9 d\u00e9signe express\u00e9ment l&#039;adresse indiqu\u00e9e dans ce texte comme \u00e9tant son adresse, et l&#039;utilisateur d\u00e9signe express\u00e9ment l&#039;adresse indiqu\u00e9e sur le formulaire de demande comme \u00e9tant son adresse. Pour la conclusion du contrat, l&#039;utilisateur s&#039;engage \u00e0 maintenir op\u00e9rationnelle, active et \u00e0 jour l&#039;adresse e-mail fournie pour les communications avec la SOCI\u00c9T\u00c9, car il s&#039;agit de son moyen de communication privil\u00e9gi\u00e9 (mais non exclusif). De mani\u00e8re g\u00e9n\u00e9rale, l&#039;utilisateur s&#039;engage \u00e0 maintenir \u00e0 jour ses informations personnelles et de contact et \u00e0 communiquer d\u00fbment toute modification. \u00c0 d\u00e9faut, les notifications envoy\u00e9es \u00e0 l&#039;adresse indiqu\u00e9e sur le formulaire seront consid\u00e9r\u00e9es comme valides.<\/p>\n\n\n\n<p><strong>Nullit\u00e9 et inefficacit\u00e9 des clauses<\/strong><strong><br><\/strong>Si une clause de la pr\u00e9sente Politique de Confidentialit\u00e9 ainsi que la Politique de Confidentialit\u00e9 et la Politique de Cookies \u00e9taient d\u00e9clar\u00e9es totalement ou partiellement nulles ou inefficaces, cela n&#039;affecterait que ladite disposition ou la partie de celle-ci qui est nulle ou inefficace, le reste des conditions g\u00e9n\u00e9rales restant en vigueur et ladite disposition ou la partie de celle-ci qui est affect\u00e9e sera consid\u00e9r\u00e9e comme non incluse, \u00e0 moins que, si elle est essentielle aux pr\u00e9sentes conditions g\u00e9n\u00e9rales, elle ne les affecte int\u00e9gralement.<\/p>\n\n\n\n<p><strong>Loi applicable et juridiction<\/strong><strong><br><\/strong>Pour la r\u00e9solution de tout litige ou probl\u00e8me relatif \u00e0 ce site web ou aux activit\u00e9s qui y sont men\u00e9es, le droit espagnol sera applicable dans tous les cas, auquel les parties se soumettent express\u00e9ment. Le simple fait d&#039;utiliser les services de ce site web implique l&#039;acceptation expresse de la juridiction espagnole.<\/p>\n\n\n\n<p>De m\u00eame, et \u00e0 l&#039;exception de ce qui est exprim\u00e9 dans le paragraphe suivant, les parties concern\u00e9es conviennent que tout litige, d\u00e9saccord, question ou r\u00e9clamation d\u00e9coulant de l&#039;ex\u00e9cution ou de l&#039;interpr\u00e9tation de ces conditions ou connexes, ou d&#039;autres textes qui pourraient appara\u00eetre sur le site Web, sera d\u00e9finitivement r\u00e9solu par soumission aux Tribunaux et Tribunaux de Barcelone avec renonciation expresse \u00e0 toute autre juridiction ou d\u00e9marcation juridictionnelle qui pourrait \u00eatre comp\u00e9tente.<\/p>\n\n\n\n<p>Le paragraphe pr\u00e9c\u00e9dent ne s&#039;applique pas si l&#039;une des parties est un consommateur ou un utilisateur tel que d\u00e9fini dans la r\u00e9glementation sur la protection des consommateurs et des utilisateurs (d\u00e9cret l\u00e9gislatif royal 1\/2007, du 16 novembre, portant approbation du texte r\u00e9vis\u00e9 de la loi g\u00e9n\u00e9rale pour la protection des consommateurs et des utilisateurs et d&#039;autres lois compl\u00e9mentaires), auquel cas (et pour un litige connexe couvert par la loi) la position d\u00e9sign\u00e9e dans ladite l\u00e9gislation serait appliqu\u00e9e de mani\u00e8re pr\u00e9f\u00e9rentielle.<\/p>","protected":false},"excerpt":{"rendered":"<p>La presente Pol\u00edtica de Privacidad constituye junto con las Normas de participaci\u00f3n y el aviso legal el marco jur\u00eddico que regula el uso del sitio web WWW.40ZERO.ES. La presente Pol\u00edtica [&hellip;]<\/p>\n","protected":false},"author":1,"featured_media":0,"parent":0,"menu_order":0,"comment_status":"closed","ping_status":"closed","template":"","meta":{"footnotes":""},"class_list":["post-3","page","type-page","status-publish","hentry"],"_links":{"self":[{"href":"https:\/\/40zero.es\/fr\/wp-json\/wp\/v2\/pages\/3","targetHints":{"allow":["GET"]}}],"collection":[{"href":"https:\/\/40zero.es\/fr\/wp-json\/wp\/v2\/pages"}],"about":[{"href":"https:\/\/40zero.es\/fr\/wp-json\/wp\/v2\/types\/page"}],"author":[{"embeddable":true,"href":"https:\/\/40zero.es\/fr\/wp-json\/wp\/v2\/users\/1"}],"replies":[{"embeddable":true,"href":"https:\/\/40zero.es\/fr\/wp-json\/wp\/v2\/comments?post=3"}],"version-history":[{"count":2,"href":"https:\/\/40zero.es\/fr\/wp-json\/wp\/v2\/pages\/3\/revisions"}],"predecessor-version":[{"id":280,"href":"https:\/\/40zero.es\/fr\/wp-json\/wp\/v2\/pages\/3\/revisions\/280"}],"wp:attachment":[{"href":"https:\/\/40zero.es\/fr\/wp-json\/wp\/v2\/media?parent=3"}],"curies":[{"name":"wp","href":"https:\/\/api.w.org\/{rel}","templated":true}]}}